{"id":707,"date":"2023-08-13T22:41:50","date_gmt":"2023-08-14T03:41:50","guid":{"rendered":"https:\/\/conpension.org\/?page_id=707"},"modified":"2023-08-30T18:55:25","modified_gmt":"2023-08-30T23:55:25","slug":"preguntas-frecuentes","status":"publish","type":"page","link":"https:\/\/conpension.org\/index.php\/preguntas-frecuentes\/","title":{"rendered":"Preguntas Frecuentes"},"content":{"rendered":"\n<p class=\"has-text-color has-medium-font-size\" style=\"color:#003c71\"><strong>\u00bfQu\u00e9 es jubilarme?<\/strong><\/p>\n\n\n\n<p class=\"has-medium-font-size\">La jubilaci\u00f3n, a nivel general, determina que una persona ya no se encuentra f\u00edsica o mentalmente capacitada para continuar realizando el\u00a0trabajo\u00a0que hasta entonces hac\u00eda, es decir por decisi\u00f3n propia o determinada por la ley se retira de su actividad econ\u00f3mica y pasa al retiro.<\/p>\n\n\n\n<p class=\"has-medium-font-size\">Actualmente, tambi\u00e9n pueden jubilarse las personas m\u00e1s j\u00f3venes que por tener una capacidad econ\u00f3mica suficiente no necesitan realizar ninguna actividad econ\u00f3mica para mantenerse y suplir sus necesidades.<\/p>\n\n\n\n<div style=\"height:26px\" aria-hidden=\"true\" class=\"wp-block-spacer\"><\/div>\n\n\n\n<p class=\"has-text-color has-medium-font-size\" style=\"color:#003c71\"><strong>\u00bfQu\u00e9 es pensionarme?<\/strong><\/p>\n\n\n\n<p class=\"has-medium-font-size\">Pensionarme es obtener el reconocimiento de una pensi\u00f3n cumpliendo los requisitos establecidos en la ley. La pensi\u00f3n es la cantidad peri\u00f3dica, temporal o vitalicia, que la seguridad social paga por raz\u00f3n de jubilaci\u00f3n, viudez, orfandad o incapacidad. Un pensionado es quien tiene o cobra una pensi\u00f3n. Mientras que la jubilaci\u00f3n es la acci\u00f3n o efecto de&nbsp;jubilar&nbsp;o&nbsp;jubilarse&nbsp;o retirarse. La principal fuente de ingreso de un jubilado en la pensi\u00f3n que recibe quien se ha jubilado.<\/p>\n\n\n\n<div style=\"height:26px\" aria-hidden=\"true\" class=\"wp-block-spacer\"><\/div>\n\n\n\n<p class=\"has-text-color has-medium-font-size\" style=\"color:#003c71\"><strong>\u00bfQu\u00e9 es una pensi\u00f3n y existen diferencia con la mesada pensional?<\/strong><\/p>\n\n\n\n<p class=\"has-medium-font-size\">Una&nbsp;pensi\u00f3n&nbsp;es un pago peri\u00f3dico,\u200b temporal o de por vida, que recibe una persona cuando se encuentra en una situaci\u00f3n establecida por la ley, que le da derecho a percibir dicho pago, ya sea del Estado o de entidades privadas.<\/p>\n\n\n\n<p class=\"has-medium-font-size\">La mesada pensional es la&nbsp;asignaci\u00f3n que recibe peri\u00f3dicamente un pensionado, es decir, es el reconocimiento del derecho que tiene una persona que, en concordancia con lo establecido por la ley, ha cumplido los requisitos m\u00ednimos para acceder a un pago mensual bajo la figura de pensi\u00f3n.<\/p>\n\n\n\n<div style=\"height:26px\" aria-hidden=\"true\" class=\"wp-block-spacer\"><\/div>\n\n\n\n<p class=\"has-text-color has-medium-font-size\" style=\"color:#003c71\"><strong>\u00bfQu\u00e9 significa RMPD?<\/strong><\/p>\n\n\n\n<p class=\"has-medium-font-size\">Es el r\u00e9gimen de prima media con prestaci\u00f3n definida.<\/p>\n\n\n\n<div style=\"height:26px\" aria-hidden=\"true\" class=\"wp-block-spacer\"><\/div>\n\n\n\n<p class=\"has-text-color has-medium-font-size\" style=\"color:#003c71\"><strong>\u00bfQu\u00e9 es el r\u00e9gimen de prima media con prestaci\u00f3n definida -RPMD?<\/strong><\/p>\n\n\n\n<p class=\"has-medium-font-size\">El r\u00e9gimen pensional de prima media con prestaci\u00f3n definida se caracteriza porque&nbsp;los aportes que realicen los afiliados se depositan en un fondo com\u00fan que administra Colpensiones, con el cual se financian las pensiones de quien acceda al derecho de pensionarse. La prestaci\u00f3n definida se refiere a que el afiliado conoce desde su vinculaci\u00f3n cual es la f\u00f3rmula matem\u00e1tica con la cual le va a liquidar su mesada pensional.<\/p>\n\n\n\n<div style=\"height:26px\" aria-hidden=\"true\" class=\"wp-block-spacer\"><\/div>\n\n\n\n<p class=\"has-text-color has-medium-font-size\" style=\"color:#003c71\"><strong>\u00bfQu\u00e9 significa RAIS?<\/strong><\/p>\n\n\n\n<p class=\"has-medium-font-size\">Es el r\u00e9gimen pensional ahorro individual con solidaridad.<\/p>\n\n\n\n<div style=\"height:26px\" aria-hidden=\"true\" class=\"wp-block-spacer\"><\/div>\n\n\n\n<p class=\"has-text-color has-medium-font-size\" style=\"color:#003c71\"><strong>\u00bfQu\u00e9 es el r\u00e9gimen de ahorro individual con solidaridad &#8211; RAIS?<\/strong><\/p>\n\n\n\n<p class=\"has-medium-font-size\">En el r\u00e9gimen de ahorro individual es administrado por los fondos privados de pensiones, las cotizaciones van a una cuenta de ahorro individual, la persona se pensiona\u00a0cuando re\u00fana en su cuenta individual el capital suficiente para financiarse su propia pensi\u00f3n (Equivalente al 110% del salario m\u00ednimo mensual legal vigente) sin que exista el requisito de edad y semanas cotizadas.<\/p>\n\n\n\n<div style=\"height:26px\" aria-hidden=\"true\" class=\"wp-block-spacer\"><\/div>\n\n\n\n<p class=\"has-text-color has-medium-font-size\" style=\"color:#003c71\"><strong>\u00bfQu\u00e9 requisitos debo cumplir para pensionarme por vejez en el r\u00e9gimen de ahorro individual?<\/strong><\/p>\n\n\n\n<p class=\"has-medium-font-size\">El \u00fanico requisito necesario es que el capital acumulado en su cuenta de ahorro individual le permita obtener una pensi\u00f3n mensual, superior a 110% del salario m\u00ednimo legal mensual vigente o haber cumplido la edad de pensi\u00f3n y las semanas cotizadas.<\/p>\n\n\n\n<div style=\"height:26px\" aria-hidden=\"true\" class=\"wp-block-spacer\"><\/div>\n\n\n\n<p class=\"has-text-color has-medium-font-size\" style=\"color:#003c71\"><strong>\u00bfCu\u00e1les son los requisitos de semanas y edad que debo cumplir para solicitar mi derecho a la pensi\u00f3n?<\/strong><\/p>\n\n\n\n<p class=\"has-medium-font-size\">Para solicitar el reconocimiento de la pensi\u00f3n de vejez:<\/p>\n\n\n\n<ul>\n<li class=\"has-medium-font-size\">En el RPMD: el requisito son 1300 semanas de cotizaci\u00f3n y tener 57 a\u00f1os para mujeres y 62 a\u00f1o para hombres.<\/li>\n\n\n\n<li class=\"has-medium-font-size\">En el RAIS: el requisito son 1150 semanas de cotizaci\u00f3n y tener 57 a\u00f1os para mujeres y 62 a\u00f1o para hombres.<\/li>\n<\/ul>\n\n\n\n<div style=\"height:26px\" aria-hidden=\"true\" class=\"wp-block-spacer\"><\/div>\n\n\n\n<p class=\"has-text-color has-medium-font-size\" style=\"color:#003c71\"><strong>\u00bfQu\u00e9 significa IBC?<\/strong><\/p>\n\n\n\n<p class=\"has-medium-font-size\">Es el ingreso base de cotizaci\u00f3n mensual con el cual se hacen los aportes a la seguridad social por parte del trabajador y el empleador en los porcentajes que le corresponda a cada uno.<\/p>\n\n\n\n<div style=\"height:26px\" aria-hidden=\"true\" class=\"wp-block-spacer\"><\/div>\n\n\n\n<p class=\"has-text-color has-medium-font-size\" style=\"color:#003c71\"><strong>\u00bfQu\u00e9 significa IBL?<\/strong><\/p>\n\n\n\n<p class=\"has-medium-font-size\">Es el ingreso base de liquidaci\u00f3n de la pensi\u00f3n, en el caso del RPMD corresponde al valor promedio de los \u00faltimos 10 a\u00f1os o toda la vida de cotizaci\u00f3n, tra\u00eddo a valor presente con base en el IPC de cada mes y promedio sobre el cual se aplica la f\u00f3rmula definida en la ley.<\/p>\n\n\n\n<div style=\"height:26px\" aria-hidden=\"true\" class=\"wp-block-spacer\"><\/div>\n\n\n\n<p class=\"has-text-color has-medium-font-size\" style=\"color:#003c71\"><strong>\u00bfQu\u00e9 es estado de invalidez?<\/strong><\/p>\n\n\n\n<p class=\"has-medium-font-size\">Para efectos pensionales, el estado de invalidez es aquel que consolida una persona cuando es calificada con una p\u00e9rdida de capacidad laboral mayor al 50 por ciento.<\/p>\n\n\n\n<div style=\"height:26px\" aria-hidden=\"true\" class=\"wp-block-spacer\"><\/div>\n\n\n\n<p class=\"has-text-color has-medium-font-size\" style=\"color:#003c71\"><strong>\u00bfQu\u00e9 hago si me califican con una p\u00e9rdida de capacidad laboral menor al 50%?<\/strong><\/p>\n\n\n\n<p class=\"has-medium-font-size\">Si ya ha acudido a las Juntas de Calificaci\u00f3n de Invalidez y el porcentaje de p\u00e9rdida de capacidad laboral que es menor al 50%, tendr\u00e1 derecho a una indemnizaci\u00f3n por incapacidad permanente parcial, si es consecuencia de un accidente de trabajo o una enfermedad laboral, la cual debe ser reconocida por las administradoras de riesgos laborales ARL.<\/p>\n\n\n\n<p class=\"has-medium-font-size\">En el caso que la p\u00e9rdida de capacidad laboral sea mayor al 50% se tendr\u00e1 derecho a una pensi\u00f3n de invalidez reconocida por parte de las ARLs o los fondos de pensiones, seg\u00fan corresponda a causas de origen laboral o com\u00fan.<\/p>\n\n\n\n<div style=\"height:26px\" aria-hidden=\"true\" class=\"wp-block-spacer\"><\/div>\n\n\n\n<p class=\"has-text-color has-medium-font-size\" style=\"color:#003c71\"><strong>\u00bfQu\u00e9 se considera como muerte o invalidez por riesgo com\u00fan?<\/strong><\/p>\n\n\n\n<p class=\"has-medium-font-size\">La muerte o invalidez por riesgo com\u00fan es aquella que sobreviene por accidente o enfermedad cuya causa se considere como no profesional, es decir, no derivada del trabajo.<\/p>\n\n\n\n<div style=\"height:26px\" aria-hidden=\"true\" class=\"wp-block-spacer\"><\/div>\n\n\n\n<p class=\"has-text-color has-medium-font-size\" style=\"color:#003c71\"><strong>\u00bfCu\u00e1l ser\u00e1 el valor de mi mesada pensional?<\/strong><\/p>\n\n\n\n<p class=\"has-medium-font-size\">El valor de la mesada pensional difiere para cada persona, seg\u00fan las condiciones de cotizaci\u00f3n durante su vida. La liquidaci\u00f3n de la pensi\u00f3n depende de:<\/p>\n\n\n\n<ul>\n<li class=\"has-medium-font-size\">En el caso del RAIS depende de la edad, la estructura familiar (beneficiarios) y del capital que cada afiliado haya ahorrado en su fondo privado de pensiones.<\/li>\n\n\n\n<li class=\"has-medium-font-size\">En el caso del RPMD depende del IBL y de la cantidad de semanas cotizadas.<\/li>\n\n\n\n<li class=\"has-medium-font-size\">Es importante resaltar, que la pensi\u00f3n en ning\u00fan momento podr\u00e1 ser inferior al salario m\u00ednimo mensual legal vigente (SMMLV).<\/li>\n<\/ul>\n\n\n\n<div style=\"height:26px\" aria-hidden=\"true\" class=\"wp-block-spacer\"><\/div>\n\n\n\n<p class=\"has-text-color has-medium-font-size\" style=\"color:#003c71\"><strong>\u00bfQu\u00e9 es la pensi\u00f3n de sobrevivientes?<\/strong><\/p>\n\n\n\n<p class=\"has-medium-font-size\">Es la prestaci\u00f3n econ\u00f3mica a la que pueden acceder los beneficiarios del afiliado fallecido que haya cotizado m\u00ednimo 50 semanas dentro de los 3 a\u00f1os inmediatamente anteriores a la fecha de fallecimiento. Cuando se trata del fallecimiento de un pensionado se habla de una sustituci\u00f3n pensional.<\/p>\n\n\n\n<div style=\"height:26px\" aria-hidden=\"true\" class=\"wp-block-spacer\"><\/div>\n\n\n\n<p class=\"has-text-color has-medium-font-size\" style=\"color:#003c71\"><strong>\u00bfQui\u00e9nes son los beneficiarios de la pensi\u00f3n de sobrevivientes o de la sustituci\u00f3n pensional?<\/strong><\/p>\n\n\n\n<p class=\"has-medium-font-size\">\u25cf C\u00f3nyuge o compa\u00f1ero(a) permanente. En el caso de la sustituci\u00f3n pensional deben cumplir con unos requisitos de convivencia con el pensionado.<\/p>\n\n\n\n<p class=\"has-medium-font-size\">\u25cf Hijos menores de edad o mayores hasta los 25 a\u00f1os siempre que acrediten la calidad de &nbsp;&nbsp;&nbsp;&nbsp;estudiantes.<\/p>\n\n\n\n<p class=\"has-medium-font-size\">\u25cf Padres y\/o hermanos discapacitados, si depend\u00edan econ\u00f3micamente del causante.<\/p>\n\n\n\n<p class=\"has-medium-font-size\">\u25cf Hijos discapacitados que depend\u00edan econ\u00f3micamente del causante.<\/p>\n\n\n\n<div style=\"height:26px\" aria-hidden=\"true\" class=\"wp-block-spacer\"><\/div>\n\n\n\n<p class=\"has-text-color has-medium-font-size\" style=\"color:#003c71\"><strong>\u00bfC\u00f3mo se realiza el traslado entre reg\u00edmenes pensionales?<\/strong><\/p>\n\n\n\n<p class=\"has-medium-font-size\">El traslado entre los reg\u00edmenes se puede realizar por una sola vez cada cinco a\u00f1os, contados a partir de la \u00faltima selecci\u00f3n; de igual manera el afiliado no podr\u00e1 trasladarse de r\u00e9gimen cuando le falten diez (10) a\u00f1os o menos para cumplir con el requisito de edad para obtener el derecho a la pensi\u00f3n de vejez; esto con el fin de garantizar la estabilidad administrativa y financiera del sistema. Para realizar el traslado de reg\u00edmenes debe cumplir con los requisitos de la doble asesor\u00eda, para luego hacer efectivo el traslado.<\/p>\n\n\n\n<div style=\"height:26px\" aria-hidden=\"true\" class=\"wp-block-spacer\"><\/div>\n\n\n\n<p class=\"has-text-color has-medium-font-size\" style=\"color:#003c71\"><strong>\u00bfQu\u00e9 es el retroactivo pensional?<\/strong><\/p>\n\n\n\n<p class=\"has-medium-font-size\">Es el derecho a cobrar mesadas pensionales desde la fecha en que se cumplieron los requisitos para pensionarse, as\u00ed la pensi\u00f3n haya sido reconocida con posteridad, siempre y cuando la persona se haya retirado del sistema general de pensiones, es decir, haya dejado de cotizar.<\/p>\n\n\n\n<div style=\"height:26px\" aria-hidden=\"true\" class=\"wp-block-spacer\"><\/div>\n\n\n\n<p class=\"has-text-color has-medium-font-size\" style=\"color:#003c71\"><strong>\u00bfQu\u00e9 es ser afiliado al sistema pensional?<\/strong><\/p>\n\n\n\n<p class=\"has-medium-font-size\">Se considera afiliado a la Seguridad Social a la&nbsp;persona que est\u00e1 cotizando, bien sea por cuenta ajena con un contrato de trabajo o por cuenta propia. La afiliaci\u00f3n es el&nbsp;proceso mediante el cual puede vincularse al Sistema General de Pensiones (SGP), haciendo la elecci\u00f3n de un fondo de pensiones privado o Colpensiones y suscribiendo el formato aprobado por la Superintendencia Financiera.<\/p>\n\n\n\n<div style=\"height:26px\" aria-hidden=\"true\" class=\"wp-block-spacer\"><\/div>\n\n\n\n<p class=\"has-text-color has-medium-font-size\" style=\"color:#003c71\"><strong>\u00bfQu\u00e9 es un afiliado activo al sistema pensional?<\/strong><\/p>\n\n\n\n<p class=\"has-medium-font-size\">Una persona puede estar afiliada al sistema de pensiones, pero sin realizar aportes, esto es, con afiliaci\u00f3n inactiva. En tal virtud, una persona que no se encuentre realizando aportes no implica que haya dejado de ser afiliada, pues simplemente adquiere la condici\u00f3n de afiliado inactivo. La afiliaci\u00f3n se refiere a la vinculaci\u00f3n al sistema general de pensiones y tiene lugar por una sola vez, y dependiendo del pago de cotizaciones puede ser activa o inactiva, por lo que un afiliado se considera activo si cotiz\u00f3 en el respectivo mes.<\/p>\n\n\n\n<div style=\"height:26px\" aria-hidden=\"true\" class=\"wp-block-spacer\"><\/div>\n\n\n\n<p class=\"has-text-color has-medium-font-size\" style=\"color:#003c71\"><strong>Otras preguntas frecuentes en:<\/strong><\/p>\n\n\n\n<p><a href=\"https:\/\/www.minsalud.gov.co\/proteccionsocial\/RiesgosLaborales\/Paginas\/sistema-general-pensiones.aspx\">https:\/\/www.minsalud.gov.co\/proteccionsocial\/RiesgosLaborales\/Paginas\/sistema-general-pensiones.aspx<\/a><\/p>\n","protected":false},"excerpt":{"rendered":"<p>\u00bfQu\u00e9 es jubilarme? La jubilaci\u00f3n, a nivel general, determina que una persona ya no se encuentra f\u00edsica o mentalmente capacitada para continuar realizando el\u00a0trabajo\u00a0que hasta [&hellip;]<\/p>\n","protected":false},"author":1,"featured_media":0,"parent":0,"menu_order":0,"comment_status":"closed","ping_status":"closed","template":"","meta":[],"_links":{"self":[{"href":"https:\/\/conpension.org\/index.php\/wp-json\/wp\/v2\/pages\/707"}],"collection":[{"href":"https:\/\/conpension.org\/index.php\/wp-json\/wp\/v2\/pages"}],"about":[{"href":"https:\/\/conpension.org\/index.php\/wp-json\/wp\/v2\/types\/page"}],"author":[{"embeddable":true,"href":"https:\/\/conpension.org\/index.php\/wp-json\/wp\/v2\/users\/1"}],"replies":[{"embeddable":true,"href":"https:\/\/conpension.org\/index.php\/wp-json\/wp\/v2\/comments?post=707"}],"version-history":[{"count":10,"href":"https:\/\/conpension.org\/index.php\/wp-json\/wp\/v2\/pages\/707\/revisions"}],"predecessor-version":[{"id":827,"href":"https:\/\/conpension.org\/index.php\/wp-json\/wp\/v2\/pages\/707\/revisions\/827"}],"wp:attachment":[{"href":"https:\/\/conpension.org\/index.php\/wp-json\/wp\/v2\/media?parent=707"}],"curies":[{"name":"wp","href":"https:\/\/api.w.org\/{rel}","templated":true}]}}